{"id":548,"date":"2021-01-20T12:31:26","date_gmt":"2021-01-20T12:31:26","guid":{"rendered":"http:\/\/ijadvocada.com\/?page_id=548"},"modified":"2021-01-20T14:51:00","modified_gmt":"2021-01-20T14:51:00","slug":"politica-de-privacitat","status":"publish","type":"page","link":"https:\/\/ijadvocada.com\/es\/politica-de-privacitat\/","title":{"rendered":"Pil\u00edtica de privacidad"},"content":{"rendered":"<div data-elementor-type=\"wp-page\" data-elementor-id=\"548\" class=\"elementor elementor-548\">\n\t\t\t\t\t\t\t\t\t<section class=\"elementor-section elementor-top-section elementor-element elementor-element-336c2a5 elementor-section-boxed elementor-section-height-default elementor-section-height-default\" data-id=\"336c2a5\" data-element_type=\"section\">\n\t\t\t\t\t\t<div class=\"elementor-container elementor-column-gap-default\">\n\t\t\t\t\t<div class=\"elementor-column elementor-col-100 elementor-top-column elementor-element elementor-element-091b650\" data-id=\"091b650\" data-element_type=\"column\">\n\t\t\t<div class=\"elementor-widget-wrap elementor-element-populated\">\n\t\t\t\t\t\t\t\t<div class=\"elementor-element elementor-element-fefbb78 elementor-widget elementor-widget-text-editor\" data-id=\"fefbb78\" data-element_type=\"widget\" data-widget_type=\"text-editor.default\">\n\t\t\t\t<div class=\"elementor-widget-container\">\n\t\t\t\t\t\t\t<p>En IVET JUNYENT ARNAUS<span class=\"legal_desc\">, <\/span>estamos especialmente concienciados por la confidencialidad de los datos de car\u00e1cter personal que nos facilitan a trav\u00e9s de la p\u00e1gina web, y mediante esta pol\u00edtica, informamos el usuario, en materia de protecci\u00f3n de datos, as\u00ed como de los derechos que lo asisten.<\/p><p>Por eso, y en virtud del reglamento General de Protecci\u00f3n de Datos de la Uni\u00f3n Europea (RGPD), Reglamento UE 2016\/679 del Parlamento Europeo y del Consejo del 27 de abril de 2016, y en atenci\u00f3n a primeros de transparencia, ponemos a su disposici\u00f3n informaci\u00f3n relevante sobre el tratamiento de datos personales, con el fin de dar a conocer en todo momento, como tratamos los datos, con qu\u00e9 finalidad y los derechos correspondientes.<\/p><h3><strong>Obtenci\u00f3n de los datos:<\/strong><\/h3><p>El RESPONSABLE ha obtenido los datos personales que ser\u00e1n objeto de tratamiento, a trav\u00e9s de diferentes Canals:<\/p><p>\u2212 Voluntariamente facilitados por el titular de los datos, bien a trav\u00e9s de formulario web, correo electr\u00f3nico, tel\u00e9fono o contrato, por la solicitud de cualquier tipo de informaci\u00f3n o formalizaci\u00f3n y\/o adquisici\u00f3n de servicios o productos.<\/p><p>\u2212 A partir de fuentes accesibles al p\u00fablico y\/o registros p\u00fablicos, y siempre que exista inter\u00e9s leg\u00edtimo por parte del RESPONSABLE por eso.<\/p><h3><strong>Descripci\u00f3n de la finalidad del tratamiento:<\/strong><\/h3><p>El RESPONSABLE tratar\u00e1 sus datos, con el objetivo de responder a las peticiones realizadas a trav\u00e9s del presente sitio web, adem\u00e1s, si otorga su consentimiento por el env\u00edo de comunicaciones comerciales, promociones e informaci\u00f3n de su inter\u00e9s, se le podr\u00e1 enviar informaci\u00f3n de car\u00e1cter comercial y\/o publicitario por los canales de comunicaci\u00f3n habituales. Sin embargo, este consentimiento, podr\u00e1 revocarlo en cualquier momento a trav\u00e9s de los medios proporcionados a esta finalidad.<\/p><p>Trataremos sus datos por la gesti\u00f3n comercial, administrativa, contable y fiscal, conforme a la normativa vigente y en funci\u00f3n de la informaci\u00f3n facilitada y autorizaci\u00f3n otorgada.<\/p><h3><strong>Conservaci\u00f3n de los datos<\/strong><\/h3><p>Los datos personales proporcionados se conservar\u00e1n mientras se mantengan la relaci\u00f3n con la entidad, y no se solicite la supresi\u00f3n por parte del interesado. Ser\u00e1 conservados conforme a los plazos legales establecidos y en funci\u00f3n de la finalidad por la cual fueron recavados.<\/p><p>En el supuesto que el interesado est\u00e9 subscrito de forma voluntaria a alg\u00fan tipo de env\u00edo de comunicaciones comerciales, newsletter, publicidad, etc. Los datos permanecer\u00e1n hasta que este, tramite su baja en este tipo de comunicaciones.<\/p><h3><strong>Legitimaci\u00f3n<\/strong><\/h3><p>La base por la cual, se sustenta el tratamiento de los datos de car\u00e1cter personal por parte del RESPONSABLE se encuentra amparada en:<\/p><p>\u2212 La mera solicitud por parte del interesado de cualquier tipo de informaci\u00f3n.<\/p><p>\u2212 Por la posible suscripci\u00f3n para recibir comunicaciones comerciales mediante consentimiento expreso.<\/p><p>\u2212 Formalizaci\u00f3n de relaci\u00f3n comercial, fruto de la adquisici\u00f3n de productos y\/o servicios.<\/p><p>\u2212 Legitimaci\u00f3n por ejecuci\u00f3n de un contrato.<\/p><h3><strong>Destinatarios<\/strong><\/h3><p>Mientras dure el tratamiento de los datos del interesado, el RESPONSABLE no ceder\u00e1 los datos a terceros, salvo que intervenga obligaci\u00f3n<\/p><p>En los supuestos que, por la realizaci\u00f3n de tratamientos de tipo administrativo, fiscal, contable y\/o comercial, se cuente con los servicios de terceros, se formalizar\u00e1 debidamente el preceptivo contrato de encargado de tratamiento, con el fin de garantizar la seguridad y confidencialidad de los datos del interesado ante terceros.<\/p><h3><strong>Derechos<\/strong><\/h3><p>El interesado, en relaci\u00f3n a sus datos de car\u00e1cter personal, puede ejercer los derechos siguientes de forma libre y gratuita:<\/p><p>\u2212 Derecho de acceso a sus datos personales.<\/p><p>\u2212 Derecho de rectificaci\u00f3n de sus datos personales, cuando resulten incompletos o inexactos<\/p><p>\u2212 Derecho de supresi\u00f3n de sus datos personales, cuando no sea necesarios para las finalidades por las cuales fueron recavados.<\/p><p>\u2212 Derecho de limitaci\u00f3n de su tratamiento, de todos los datos o en parte de ellos.<\/p><p>\u2212 Derecho a oponerse al tratamiento.<\/p><p>\u2212 Derecho a la portabilidad de los datos.<\/p><p>\u2212 Derecho a retirar el consentimiento prestado previamente.<\/p><p>En caso de que sienta vulnerados sus derechos en lo concerniente a la protecci\u00f3n de sus datos personales, especialmente cuando no haya obtenido la satisfacci\u00f3n en el ejercicio de sus derechos, puede presentar una reclamaci\u00f3n ante la Autoridad de Control en materia de Protecci\u00f3n de Datos competente.<\/p><h3><strong>Autoridad de control<\/strong><\/h3><p>Si usted requiere m\u00e1s informaci\u00f3n y\/o ayuda, aparte de la cual nosotros podamos y deseamos proporcionarle, en materia de Protecci\u00f3n de Datos, tiene que saber que, la autoridad de control en Espa\u00f1a que velatorio por el cumplimiento de la normativa sobre protecci\u00f3n de datos, que garantiza y tutela el derecho fundamental a la protecci\u00f3n de datos personales es:<\/p><p>Agencia Espa\u00f1ola de Protecci\u00f3n de Datos (AEPD)<\/p><p>C\/ Jorge Juan N\u00ba 6<br \/>28001 Madrid<br \/>901 100 099 \u2013 912 663 517<br \/><a href=\"https:\/\/www.aepd.es\/\" target=\"_blank\" rel=\"noopener\">www.agpd.es<\/a><\/p><p>Pudiendo contactar tambi\u00e9n, a trav\u00e9s de este formulario.<\/p><p>La AEPD, informa y ayuda al ciudadano a ejercitar sus derechos, as\u00ed como a las empresas a cumplir con las obligaciones que establece la Ley.<\/p><p>Como titular de sus propios datos, la AEPD tutela el ejercicio de los derechos de acceso, rectificaci\u00f3n, cancelaci\u00f3n, limitaci\u00f3n, portabilidad y oposici\u00f3n, cuando no han sido adecuadamente atendidos. Y garantiza el derecho a la protecci\u00f3n de datos, ante actuaciones que puedan ser contrarias a la ley.<\/p><p>\u00a0<\/p>\t\t\t\t\t\t<\/div>\n\t\t\t\t<\/div>\n\t\t\t\t\t<\/div>\n\t\t<\/div>\n\t\t\t\t\t\t\t<\/div>\n\t\t<\/section>\n\t\t\t\t\t\t\t<\/div>","protected":false},"excerpt":{"rendered":"<p>A IVET JUNYENT ARNAUS, estem especialment conscienciats per la confidencialitat de les dades de car\u00e0cter personal que ens faciliten a trav\u00e9s de [&hellip;]<\/p>","protected":false},"author":2,"featured_media":0,"parent":0,"menu_order":0,"comment_status":"closed","ping_status":"closed","template":"","meta":{"footnotes":""},"class_list":["post-548","page","type-page","status-publish","hentry"],"_links":{"self":[{"href":"https:\/\/ijadvocada.com\/es\/wp-json\/wp\/v2\/pages\/548","targetHints":{"allow":["GET"]}}],"collection":[{"href":"https:\/\/ijadvocada.com\/es\/wp-json\/wp\/v2\/pages"}],"about":[{"href":"https:\/\/ijadvocada.com\/es\/wp-json\/wp\/v2\/types\/page"}],"author":[{"embeddable":true,"href":"https:\/\/ijadvocada.com\/es\/wp-json\/wp\/v2\/users\/2"}],"replies":[{"embeddable":true,"href":"https:\/\/ijadvocada.com\/es\/wp-json\/wp\/v2\/comments?post=548"}],"version-history":[{"count":10,"href":"https:\/\/ijadvocada.com\/es\/wp-json\/wp\/v2\/pages\/548\/revisions"}],"predecessor-version":[{"id":569,"href":"https:\/\/ijadvocada.com\/es\/wp-json\/wp\/v2\/pages\/548\/revisions\/569"}],"wp:attachment":[{"href":"https:\/\/ijadvocada.com\/es\/wp-json\/wp\/v2\/media?parent=548"}],"curies":[{"name":"wp","href":"https:\/\/api.w.org\/{rel}","templated":true}]}}