{"id":543,"date":"2021-01-20T12:24:03","date_gmt":"2021-01-20T12:24:03","guid":{"rendered":"http:\/\/ijadvocada.com\/?page_id=543"},"modified":"2021-01-20T14:42:28","modified_gmt":"2021-01-20T14:42:28","slug":"avis-legal","status":"publish","type":"page","link":"https:\/\/ijadvocada.com\/es\/avis-legal\/","title":{"rendered":"Aviso legal"},"content":{"rendered":"<div data-elementor-type=\"wp-page\" data-elementor-id=\"543\" class=\"elementor elementor-543\">\n\t\t\t\t\t\t\t\t\t<section class=\"elementor-section elementor-top-section elementor-element elementor-element-1e49f24 elementor-section-boxed elementor-section-height-default elementor-section-height-default\" data-id=\"1e49f24\" data-element_type=\"section\">\n\t\t\t\t\t\t<div class=\"elementor-container elementor-column-gap-default\">\n\t\t\t\t\t<div class=\"elementor-column elementor-col-100 elementor-top-column elementor-element elementor-element-2a73b71\" data-id=\"2a73b71\" data-element_type=\"column\">\n\t\t\t<div class=\"elementor-widget-wrap elementor-element-populated\">\n\t\t\t\t\t\t\t\t<div class=\"elementor-element elementor-element-cf313bf elementor-widget elementor-widget-text-editor\" data-id=\"cf313bf\" data-element_type=\"widget\" data-widget_type=\"text-editor.default\">\n\t\t\t\t<div class=\"elementor-widget-container\">\n\t\t\t\t\t\t\t<ul><li>El titular de este sitio web es Ivet Junyent Arnaus con DNI 39398566-A, con domicilio en carretera de Berga 41 bajos, 08660 Balsareny, Barcelona,Espa\u00f1a.<\/li><li>El acceso al site de Ivet Junyent abogada es gratuito. Todo el contenido es propiedad intelectual de Ivet Junyent Arnaus. Cualquier utilizaci\u00f3n de los mismos contraria a las normas en materia de propiedad intelectual ser\u00e1 perseguida con arreglo a la legislaci\u00f3n vigente.<\/li><\/ul><h2><strong>Condiciones generales de utilizaci\u00f3n de la web<\/strong><\/h2><p>El TITULAR lo informa que, el acceso y utilizaci\u00f3n de esta p\u00e1gina web y todas las URLs, subdominios y directorios incluidos bajo esta, as\u00ed como los servicios o contenidos que a trav\u00e9s de este lugar se pueda obtener, est\u00e1n sujetos a los plazos recogidos y detallados en el mismo Aviso Legal, en la Pol\u00edtica de Privacidad y Pol\u00edtica de Cookies, sin perjuicio que el acceso a algunos de estos servicios o contenidos puede requerir la aceptaci\u00f3n de unas condiciones generales, particulares o adicionales.<\/p><p>Por lo tanto, si las consideraciones detalladas en estos textos legales, no son de su conformidad, rogamos que no haga uso de esta web, puesto que cualquier utilizaci\u00f3n que haga de ella o de los servicios y contenidos en ella incluidos, implicar\u00e1 la aceptaci\u00f3n de los t\u00e9rminos legales<\/p><p>A causa de la misma naturaleza de internet, dada la posibilidad que se pueda acceder en esta p\u00e1gina desde cualquier parte del mundo, los contenidos, as\u00ed como los servicios que en general ofrece EL TITULAR est\u00e1n accesibles a clientes que se mueven en cualquier pa\u00eds. Sin embargo, el anterior, al solicitar la contrataci\u00f3n de cualquier tipo de servicio y contenidos ofrecidos, EL TITULAR se reserva el derecho a rechazar la prestaci\u00f3n de servicios o el env\u00edo de contenidos, en aquellos casos que estime oportuno.<\/p><p>El TITULAR se reserva el derecho a realizar cambios en la web sin previo aviso, con el objetivo de actualizar, corregir, modificar, a\u00f1adir, cancelar o eliminar los contenidos o el dise\u00f1o de la web. Los servicios y contenidos de la web son susceptibles de actualizarse peri\u00f3dicamente, y, por el hecho que la actualizaci\u00f3n de la informaci\u00f3n no es inmediata, le sugerimos que compruebe siempre la vigencia y exactitud de la informaci\u00f3n, servicios y contenidos recogidos aqu\u00ed.<\/p><p>Las condiciones y termas de utilizaci\u00f3n que se recogen en el presente Aviso Legal pueden cambiar, de forma que proponemos que revise estos t\u00e9rminos cuando visite de nuevo la web o solicite un nuevo servicio. As\u00ed mismo el presente Aviso Legal se entender\u00e1 sin perjuicio de cualquier otras Pol\u00edticas y\/o Condiciones Generales, y particulares, que regulan el acceso a bienes y servicios concretos dentro de la web.<\/p><h3><strong>Derecho de la propiedad intelectual y de propiedad industrial.<\/strong><\/h3><p>Tanto el dise\u00f1o de este sitio web, sus c\u00f3digos Font, logotipos, im\u00e1genes, melod\u00edas, marcas y otros signos distintivos que aparecen, pertenecen a sus respectivos autores y est\u00e1n protegidos por los correspondientes derechos de propiedad intelectual e industrial.<\/p><p>Su utilizaci\u00f3n, reproducci\u00f3n, distribuci\u00f3n, comunicaci\u00f3n p\u00fablica, transformaci\u00f3n o cualquier otra acci\u00f3n parecida, est\u00e1 totalmente prohibida excepto autorizaci\u00f3n expr\u00e9s por escrito de su creador y\/o propietario de los derechos.<\/p><p>En todo caso, EL TITULAR declara el suyo respecto a los derechos de propiedad intelectual e industrial de terceros; por eso, si considera que este lugar pueda estar violando sus derechos, rogamos que se ponga en contacto con EL TITULAR dirigi\u00e9ndose a trav\u00e9s de los medios proporcionados en el encabezado.<\/p><h3><strong>Links o hiperenlaces<\/strong><\/h3><p>Desde esta web, EL TITULAR le proporciona o puede proporcionarle el acceso en otras p\u00e1ginas web que considere puedan ser de su inter\u00e9s. El objetivo de estos enlaces es meramente facilitar la investigaci\u00f3n de los recursos que le puedan interesar en Internet. Sin embargo, estas p\u00e1ginas no pertenecen al TITULAR, ni hace una revisi\u00f3n de sus contenidos, por eso, no se hace responsable de estos, del funcionamiento de la p\u00e1gina enlazada o de los posibles da\u00f1os que puedan derivarse del acceso o el uso de esta. As\u00ed mismo, EL TITULAR, se muestra plenamente respetuoso con los derechos de la propiedad intelectual o industrial que corresponda o puedan corresponder a terceras personas, sobre las p\u00e1ginas webs a las cuales se refiere los citados enlaces. Por tal motivo, si considera que el establecimiento de los citados enlaces pueda estar violando sus derechos, rogamos que se ponga en contacto con EL TITULAR a trav\u00e9s de los medios proporcionados en el encabezamiento.<\/p><p>Amb car\u00e0cter general s\u2019autoritza l\u2019enlla\u00e7 de p\u00e0gines web o de direccions de correus electr\u00f2nics a la web, excepci\u00f3 feta d\u2019aquells sup\u00f2sits en els quals, expressament el TITULAR manifesti el contrari. Addicionalment, i en tot cas, per entendre aplicable aquesta autoritzaci\u00f3 general, aquests enlla\u00e7os hauran de respectar, necess\u00e0riament, la seg\u00fcent condici\u00f3: l\u2019establiment de l\u2019enlla\u00e7 no suposar\u00e0, per si mateix, cap tipus d\u2019acord, contracte, patrocini ni recomanaci\u00f3 per part del TITULAR de la p\u00e0gina que realitza l\u2019enlla\u00e7.<\/p><p>Sin embargo, en cualquier momento EL TITULAR podr\u00e1 retirar la autorizaci\u00f3n mencionada en el p\u00e1rrafo anterior, sin necesidad de alegar ninguna causa. En tal caso, la p\u00e1gina que haya realizado el enlace tendr\u00e1 que proceder a su inmediata supresi\u00f3n, tan pronto como reciba la notificaci\u00f3n de la revocaci\u00f3n de la autorizaci\u00f3n por parte del TITULAR.<\/p><h3><strong>Frames o marcos<\/strong><\/h3><p>EL TITULAR proh\u00edbe expresamente la realizaci\u00f3n de \u201cframings\u201d o la utilizaci\u00f3n por parte de terceros de cualquier otro mecanismo que altere el dise\u00f1o, configuraci\u00f3n original o contenidos web<\/p><h3><strong>Publicidad<\/strong><\/h3><p>En la web se insertar\u00e1 aquella publicidad del TITULAR o de terceras emprendidas anunciantes que consideramos que puedan ser de su inter\u00e9s<\/p><p>Sin perjuicio del establecido en la Pol\u00edtica de privacidad, EL TITULAR se compromete a no facilitar informaci\u00f3n suya a los anunciantes, excepto datos estad\u00edsticos an\u00f3nimos sobre la utilizaci\u00f3n de la web, con el fin de que se pueda mejorar el servicio y ofrecer productos conforme a las expectativas de los usuarios.<\/p><p>Sin embargo, EL TITULAR lo informa que los anunciantes y proveedores, por medio de cookies, pueden tener la posibilidad de obtener informaci\u00f3n sobre usted, los usos que haga de los servicios y sus movimientos a trav\u00e9s de la red. Por no tener vinculaci\u00f3n con los usos que de esta informaci\u00f3n pueda realizar la empresa anunciando, EL TITULAR no se hace responsable de la recogida de informaci\u00f3n por estas empresas.<\/p><p>EL TITULAR puede utilizar cookies cuando un usuario navegue por sus lugares y p\u00e1ginas webs. Las cookies que se puedan utilizar en los lugares y p\u00e1ginas web del TITULAR se asocian \u00fanicamente con el navegador de un ordenador determinado (un usuario an\u00f3nimo), y no proporcionan por s\u00ed mismos ning\u00fan dato personal del usuario. Las cookies sirven solo para finalidades exclusivamente internas, como son las estad\u00edsticas de acceso a este sitio web. Las cookies utilizadas no pueden leer los archivos cookie creados por otros proveedores o sitios web. El usuario tiene la posibilidad de configurar su navegador para ser avisado en pantalla de la recepci\u00f3n de cookies y para impedir la instalaci\u00f3n de cookies en su disco llevar. Por favor, consulte las instrucciones y manuales de su navegador para ampliar esta informaci\u00f3n.\n Neteja Copia el text<\/p><h3><strong>Responsabilidades del usuario<\/strong><\/h3><p>El usuario se compromete a utilizar los servicios de la web de acuerdo con los t\u00e9rminos expresados en el presente Aviso Legal, siente el responsable de su uso correcto.<\/p><p>El usuario que act\u00fae contra la imagen, buen nombre o reputaci\u00f3n del TITULAR, as\u00ed como quien utilice il\u00edcitamente o fraudulentamente los dise\u00f1os, logos o contenidos de la web y\/o atente en cualquier forma contra los derechos de propiedad intelectual e industrial de la web o de los contenidos y servicios de este, ser\u00e1 responsable ante EL TITULAR de esta actuaci\u00f3n.<\/p><h3><strong>Responsabilidades del titular<\/strong><\/h3><h4><strong>Utilizaci\u00f3n incorrecta:<\/strong><\/h4><p>EL TITULAR ha creado la web por la promoci\u00f3n de sus productos y\/o servicios, pero no pueden controlar su utilizaci\u00f3n de forma diferente a la prevista en el presente Aviso Legal; de manera, que el acceso y el uso correcto de la informaci\u00f3n contenida en la web es responsabilidad de quien realiza estas acciones, no siente responsable EL TITULAR por el uso incorrecto, il\u00edcito o negligente que del mismo pueda hacer el usuario.<\/p><h4><strong>Contenidos:<\/strong><\/h4><p>EL TITULAR facilita todos los contenidos de su web, debajo determinadas condiciones de buena fe, y se esforzar\u00e1 en lo posible porque los mismos est\u00e9n actualizados y vigentes; sin embargo, EL TITULAR no puede asumir responsabilidad alguna respeto el uso o acceso que realicen los usuarios fuera del \u00e1mbito al cual se dirige la web, la responsabilidad final caer\u00e1 sobre el usuario. As\u00ed mismo, EL TITULAR no puede controlar los contenidos que no hayan sido elaborados por \u00e9l o por terceros cumpliendo su encargo de manera, que no responder\u00e1 en ning\u00fan caso de los da\u00f1os, contenidos e indisponibilidades t\u00e9cnicas que pudieran causarse por parte de estos terceros.<\/p><h4><strong>Publicidad<\/strong><\/h4><p>EL TITULAR inclour\u00e0 en la web publicitat pr\u00f2pia o de tercers per oferir-li productes o serveis que entenguin que puguin ser del seu inter\u00e8s. No obstant aix\u00f2, i en el que respecte a la publicitat de tercers, EL TITULAR no pot controlar l\u2019aparen\u00e7a d\u2019aquesta publicitat, ni la qualitat i adequaci\u00f3 dels productes o serveis a qu\u00e8 aquesta es refereix, de manera que no respondr\u00e0 de cap dany que es pugui generar a l\u2019usuari per aquestes causes atribu\u00efbles a tercers.<\/p><h4><strong>Virus:<\/strong><\/h4><p>EL TITULAR se compromete a aplicar en lo posible, las medidas oportunas a su alcance para intentar garantizar al usuario la ausencia en su web de: virus, gusanos, troyanos, spam, etc\u2026 Sin embargo, estas medidas no son 100% infalibles y, por eso, EL TITULAR no puede asegurar totalmente la ausencia de estos elementos indeseables. En consecuencia EL TITULAR no ser\u00e1 responsable de los da\u00f1os que los mismos pudieran producir al usuario.<\/p><h4><strong>Fallos tecnol\u00f3gicos:<\/strong><\/h4><p>EL TITULAR pone los medios necesarios a su alcance por la continuidad de esta web y realizar\u00e1 sus mejores esfuerzos porque el mismo no sufra interrupciones, pero no puede garantizar la ausencia de fallos tecnol\u00f3gicos, ni la permanente disponibilidad de la web y de los servicios contenidos en \u00e9l, en consecuencia no asume ninguna responsabilidad por los da\u00f1os y perjuicios que puede generarse por la falta de disponibilidad y por los fallos en el acceso ocasionadas por desconexiones, aver\u00edas, sobrecargas o ca\u00eddas de la red no imputables al TITULAR.<\/p><h3><strong>Ley aplicable y jurisdicci\u00f3n<\/strong><\/h3><p>La ley aplicable en caso de disputa o conflicto de interpretaci\u00f3n de los t\u00e9rminos que conformamos este Aviso Legal, as\u00ed como cualquier cuesti\u00f3n relacionada con los servicios de la presente web y sus pol\u00edticas, ser\u00e1 la espa\u00f1ola.<\/p><p>A todos los efectos, nos sometemos al estipulado en el Reglamento Europeo de Protecci\u00f3n de Datos (RGPD) Reglamento (UE) 2016\/679 del Parlamento Europeo y del Consejo de 27 de abril de 2016, y tambi\u00e9n, a la Ley de Servicios de Sociedad de la Informaci\u00f3n (LSSICE), Ley 34\/2002 de 11 de julio, de servicios de la sociedad de la informaci\u00f3n y de comercio electr\u00f3nico.<\/p><p>Porque la resoluci\u00f3n de cualquier conflicto que pueda surgir con ocasi\u00f3n de visita de la web, EL TITULAR y el usuario se someter\u00e1n al fuero que establezca la normativa vigente.<\/p>\t\t\t\t\t\t<\/div>\n\t\t\t\t<\/div>\n\t\t\t\t\t<\/div>\n\t\t<\/div>\n\t\t\t\t\t\t\t<\/div>\n\t\t<\/section>\n\t\t\t\t\t\t\t<\/div>","protected":false},"excerpt":{"rendered":"<p>El titular d&#8217;aquest lloc web \u00e9s Ivet Junyent Arnaus amb DNI 39398566-A, amb domicili en carretera de Berga 41 baixos, 08660 Balsareny, [&hellip;]<\/p>","protected":false},"author":2,"featured_media":0,"parent":0,"menu_order":0,"comment_status":"closed","ping_status":"closed","template":"","meta":{"footnotes":""},"class_list":["post-543","page","type-page","status-publish","hentry"],"_links":{"self":[{"href":"https:\/\/ijadvocada.com\/es\/wp-json\/wp\/v2\/pages\/543","targetHints":{"allow":["GET"]}}],"collection":[{"href":"https:\/\/ijadvocada.com\/es\/wp-json\/wp\/v2\/pages"}],"about":[{"href":"https:\/\/ijadvocada.com\/es\/wp-json\/wp\/v2\/types\/page"}],"author":[{"embeddable":true,"href":"https:\/\/ijadvocada.com\/es\/wp-json\/wp\/v2\/users\/2"}],"replies":[{"embeddable":true,"href":"https:\/\/ijadvocada.com\/es\/wp-json\/wp\/v2\/comments?post=543"}],"version-history":[{"count":10,"href":"https:\/\/ijadvocada.com\/es\/wp-json\/wp\/v2\/pages\/543\/revisions"}],"predecessor-version":[{"id":565,"href":"https:\/\/ijadvocada.com\/es\/wp-json\/wp\/v2\/pages\/543\/revisions\/565"}],"wp:attachment":[{"href":"https:\/\/ijadvocada.com\/es\/wp-json\/wp\/v2\/media?parent=543"}],"curies":[{"name":"wp","href":"https:\/\/api.w.org\/{rel}","templated":true}]}}