{"id":543,"date":"2021-01-20T12:24:03","date_gmt":"2021-01-20T12:24:03","guid":{"rendered":"http:\/\/ijadvocada.com\/?page_id=543"},"modified":"2021-01-20T14:42:28","modified_gmt":"2021-01-20T14:42:28","slug":"avis-legal","status":"publish","type":"page","link":"https:\/\/ijadvocada.com\/ca\/avis-legal\/","title":{"rendered":"Av\u00eds legal"},"content":{"rendered":"\t\t<div data-elementor-type=\"wp-page\" data-elementor-id=\"543\" class=\"elementor elementor-543\">\n\t\t\t\t\t\t\t\t\t<section class=\"elementor-section elementor-top-section elementor-element elementor-element-1e49f24 elementor-section-boxed elementor-section-height-default elementor-section-height-default\" data-id=\"1e49f24\" data-element_type=\"section\">\n\t\t\t\t\t\t<div class=\"elementor-container elementor-column-gap-default\">\n\t\t\t\t\t<div class=\"elementor-column elementor-col-100 elementor-top-column elementor-element elementor-element-2a73b71\" data-id=\"2a73b71\" data-element_type=\"column\">\n\t\t\t<div class=\"elementor-widget-wrap elementor-element-populated\">\n\t\t\t\t\t\t\t\t<div class=\"elementor-element elementor-element-cf313bf elementor-widget elementor-widget-text-editor\" data-id=\"cf313bf\" data-element_type=\"widget\" data-widget_type=\"text-editor.default\">\n\t\t\t\t<div class=\"elementor-widget-container\">\n\t\t\t\t\t\t\t<ul><li>El titular d&#8217;aquest lloc web \u00e9s Ivet Junyent Arnaus amb DNI 39398566-A, amb domicili en carretera de Berga 41 baixos, 08660 Balsareny, Barcelona,Espanya.<\/li><li>L&#8217;acc\u00e9s al site de Ivet Junyent advocada \u00e9s gratu\u00eft. Tot el contingut \u00e9s propietat intel\u00b7lectual de Ivet Junyent Arnaus. Qualsevol utilitzaci\u00f3 dels mateixos contr\u00e0ria a les normes en mat\u00e8ria de propietat intel\u00b7lectual ser\u00e0 perseguida conformement a la legislaci\u00f3 vigent.<\/li><\/ul><h2><strong>Condicions generals d\u2019utilitzaci\u00f3 de la web<\/strong><\/h2><p>El TITULAR l\u2019informa que, l\u2019acc\u00e9s i utilitzaci\u00f3 d\u2019aquesta p\u00e0gina web i totes les URLs, subdominis i directoris inclosos sota aquesta, aix\u00ed com els serveis o continguts que a trav\u00e9s d\u2019aquest lloc es pugui obtenir, estan subjectes als terminis recollits i detallats en el mateix Av\u00eds Legal, en la Pol\u00edtica de Privacitat i Pol\u00edtica de Cookies, sense perjudici que l\u2019acc\u00e9s a alguns d\u2019aquests serveis o continguts pot requerir l\u2019acceptaci\u00f3 d\u2019unes condicions generals, particulars o addicionals.<\/p><p>Per tant, si les consideracions detallades en aquests textos legals, no s\u00f3n de la seva conformitat, preguem que no faci \u00fas d\u2019aquesta web, ja que qualsevol utilitzaci\u00f3 que faci d\u2019ella o dels serveis i continguts en ella inclosos, implicar\u00e0 l\u2019acceptaci\u00f3 dels termes legals recollits.<\/p><p>A causa de la mateixa naturalesa d\u2019internet, donada la possibilitat que es pugui accedir a aquesta p\u00e0gina des de qualsevol part del m\u00f3n, els continguts, aix\u00ed com els serveis que en general ofereix EL TITULAR estan accessibles a clients que es mouen en qualsevol pa\u00eds. No obstant aix\u00f2, l\u2019anterior, en sol\u00b7licitar la contractaci\u00f3 de qualsevol tipus de servei i continguts oferits, EL TITULAR es reserva el dret a rebutjar la prestaci\u00f3 de serveis o l\u2019enviament de continguts, en aquells casos que estimi oport\u00fa.<\/p><p>El TITULAR es reserva el dret a realitzar canvis en la web sense previ av\u00eds, amb l\u2019objectiu d\u2019actualitzar, corregir, modificar, afegir, cancel\u00b7lar o eliminar els continguts o el disseny de la web. Els serveis i continguts de la web s\u00f3n susceptibles d\u2019actualitzar-se peri\u00f2dicament, i, pel fet que l\u2019actualitzaci\u00f3 de la informaci\u00f3 no \u00e9s immediata, li suggerim que comprovi sempre la vig\u00e8ncia i exactitud de la informaci\u00f3, serveis i continguts recollits aqu\u00ed.<\/p><p>Les condicions i termes d\u2019utilitzaci\u00f3 que es recullen en el present Av\u00eds Legal poden canviar, de manera que proposem que revisi aquests termes quan visiti de nou la web o sol\u00b7liciti un nou servei. Aix\u00ed mateix el present Av\u00eds Legal s\u2019entendr\u00e0 sense perjudici de qualsevol altres Pol\u00edtiques i\/o Condicions Generals, i particulars, que regulen l\u2019acc\u00e9s a b\u00e9ns i serveis concrets dins de la web.<\/p><h3><strong>Dret de la propietat intel\u00b7lectual i de propietat industrial.<\/strong><\/h3><p>Tant el disseny d\u2019aquest lloc web, els seus codis Font, logotips, imatges, melodies, marques i altres signes distintius que apareixen, pertanyen als seus respectius autors i estan protegits pels corresponents drets de propietat intel\u00b7lectual i industrial.<\/p><p>La seva utilitzaci\u00f3, reproducci\u00f3, distribuci\u00f3, comunicaci\u00f3 p\u00fablica, transformaci\u00f3 o qualsevol altra acci\u00f3 semblant, est\u00e0 totalment prohibida excepte autoritzaci\u00f3 expressa per escrit del seu creador i\/o propietari dels drets.<\/p><p>En tot cas, EL TITULAR declara el seu respecte als drets de propietat intel\u00b7lectual i industrial de tercers; per aix\u00f2, si considera que aquest lloc pugui estar violant els seus drets, preguem que es posi en contacte amb EL TITULAR dirigint-se a trav\u00e9s dels mitjans proporcionats en l\u2019encap\u00e7alat.<\/p><h3><strong>Links o hiperenlla\u00e7os<\/strong><\/h3><p>Des d\u2019aquesta web, EL TITULAR li proporciona o pot proporcionar-li l\u2019acc\u00e9s a altres p\u00e0gines web que consideri puguin ser del seu inter\u00e8s. L\u2019objectiu d\u2019aquests enlla\u00e7os \u00e9s merament facilitar la recerca dels recursos que li puguin interessar en Internet. No obstant aix\u00f2, aquestes p\u00e0gines no pertanyen a EL TITULAR, ni fa una revisi\u00f3 dels seus continguts, per aix\u00f2, no es fa responsable d\u2019aquests, del funcionament de la p\u00e0gina enlla\u00e7ada o dels posibles danys que puguin derivar-se de l\u2019acc\u00e9s o l\u2019\u00fas d\u2019aquesta. Aix\u00ed mateix, EL TITULAR, es mostra plenament respectu\u00f3s amb els drets de la propietat intel\u00b7lectual o industrial que correspongui o puguin correspondre a terceres persones, sobre les p\u00e0gines webs a les quals es refereix els citats enlla\u00e7os. Per tal motiu, si considera que l\u2019establiment dels citats enlla\u00e7os pugui estar violant els seus drets, preguem que es posi en contacte amb EL TITULAR a trav\u00e9s dels mitjans proporcionats en l\u2019encap\u00e7alament.<\/p><p>Amb car\u00e0cter general s\u2019autoritza l\u2019enlla\u00e7 de p\u00e0gines web o de direccions de correus electr\u00f2nics a la web, excepci\u00f3 feta d\u2019aquells sup\u00f2sits en els quals, expressament el TITULAR manifesti el contrari. Addicionalment, i en tot cas, per entendre aplicable aquesta autoritzaci\u00f3 general, aquests enlla\u00e7os hauran de respectar, necess\u00e0riament, la seg\u00fcent condici\u00f3: l\u2019establiment de l\u2019enlla\u00e7 no suposar\u00e0, per si mateix, cap tipus d\u2019acord, contracte, patrocini ni recomanaci\u00f3 per part del TITULAR de la p\u00e0gina que realitza l\u2019enlla\u00e7.<\/p><p>No obstant aix\u00f2, en qualsevol moment EL TITULAR podr\u00e0 retirar l\u2019autoritzaci\u00f3 mencionada en el par\u00e0graf anterior, sense necessitat d\u2019al\u00b7legar cap causa. En tal cas, la p\u00e0gina que hagi realitzat l\u2019enlla\u00e7 haur\u00e0 de procedir a la seva immediata supressi\u00f3, tan aviat com rebi la notificaci\u00f3 de la revocaci\u00f3 de l\u2019autoritzaci\u00f3 per part d\u2019EL TITULAR.<\/p><h3><strong>Frames o marcs<\/strong><\/h3><p>EL TITULAR prohibeix expressament la realitzaci\u00f3 de \u201cframings\u201d o la utilitzaci\u00f3 per part de tercers de qualsevol altre mecanisme que alteri el disseny, configuraci\u00f3 original o continguts web.<\/p><h3><strong>Publicitat<\/strong><\/h3><p>A la web s\u2019inserir\u00e0 aquella publicitat d\u2019EL TITULAR o de terceres empreses anunciants que considerem que puguin ser del seu inter\u00e8s.<\/p><p>Sense perjudici de l\u2019establert en la Pol\u00edtica de privacitat, EL TITULAR es compromet a no facilitar informaci\u00f3 seva als anunciants, excepte dades estad\u00edstiques an\u00f2nimes sobre la utilitzaci\u00f3 de la web, amb la finalitat que es pugui millorar el servei i oferir productes conforme a les expectatives dels usuaris.<\/p><p>No obstant aix\u00f2, EL TITULAR l\u2019informa que els anunciants i prove\u00efdors, per mitj\u00e0 de cookies, poden tenir la possibilitat d\u2019obtenir informaci\u00f3 sobre vost\u00e8, els usos que faci dels serveis i els seus moviments a trav\u00e9s de la xarxa. Per no tenir vinculaci\u00f3 amb els usos que d\u2019aquesta informaci\u00f3 pugui realitzar l\u2019empresa anunciant, EL TITULAR no es fa responsable de la recollida d\u2019informaci\u00f3 per aquestes empreses.<\/p><p>EL TITULAR pot utilitzar cookies quan un usuari navegui pels seus llocs i p\u00e0gines webs. Les cookies que es puguin utilitzar en els llocs i p\u00e0gines web d\u2019EL TITULAR s\u2019associen \u00fanicament amb el navegador d\u2019un ordinador determinat (un usuari an\u00f2nim), i no proporcionen per si mateixos cap dada personal de l\u2019usuari. Les cookies serveixen nom\u00e9s per a finalitats exclusivament internes, com s\u00f3n les estad\u00edstiques d\u2019acc\u00e9s a aquest lloc web. Les cookies utilitzades no poden llegir els arxius cookie creats per altres prove\u00efdors o llocs web. L\u2019usuari t\u00e9 la possibilitat de configurar el seu navegador per ser avisat en pantalla de la recepci\u00f3 de cookies i per impedir la instal\u00b7laci\u00f3 de cookies en el seu disc dur. Si us plau, consulti les instruccions i manuals del seu navegador per ampliar aquesta informaci\u00f3.<\/p><h3><strong>Responsabilitats de l\u2019usuari<\/strong><\/h3><p>L\u2019usuari es compromet a utilitzar els serveis de la web d\u2019acord amb els termes expressats en el present Av\u00eds Legal, sent el responsable del seu \u00fas correcte.<\/p><p>L\u2019usuari que actu\u00ef contra la imatge, bon nom o reputaci\u00f3 d\u2019EL TITULAR, aix\u00ed com qui utilitzi il\u00b7l\u00edcitament o fraudulentament els dissenys, logos o continguts de la web i\/o atempti en qualsevol forma contra els drets de propietat intel\u00b7lectual i industrial de la web o dels continguts i serveis d\u2019aquest, ser\u00e0 responsable davant d\u2019EL TITULAR d\u2019aquesta actuaci\u00f3.<\/p><h3><strong>Responsabilitats d\u2019EL TITULAR<\/strong><\/h3><h4><strong>Utilitzaci\u00f3 incorrecte:<\/strong><\/h4><p>EL TITULAR ha creat la web per la promoci\u00f3 dels seus productes i\/o serveis, per\u00f2 no poden controlar la seva utilitzaci\u00f3 de forma diferent a la prevista en el present Av\u00eds Legal; de manera, que l\u2019acc\u00e9s i l\u2019\u00fas correcte de la informaci\u00f3 continguda en la web \u00e9s responsabilitat de qui realitza aquestes accions, no sent responsable EL TITULAR per l\u2019\u00fas incorrecte, il\u00b7l\u00edcit o negligent que del mateix pugui fer l\u2019usuari.<\/p><h4><strong>Continguts:<\/strong><\/h4><p>EL TITULAR facilita tots els continguts de la seva web, sota determinades condicions de bona fe, i s\u2019esfor\u00e7ar\u00e0 en la mesura del possible perqu\u00e8 els mateixos estiguin actualitzats i vigents; no obstant aix\u00f2, EL TITULAR no pot assumir responsabilitat alguna respecte l\u2019\u00fas o acc\u00e9s que realitzin els usuaris fora de l\u2019\u00e0mbit al qual es dirigeix la web, la responsabilitat final caur\u00e0 sobre l\u2019usuari. Aix\u00ed mateix, EL TITULAR no pot controlar els continguts que no hagin sigut elaborats per ell o per tercers complint el seu enc\u00e0rrec de manera, que no respondr\u00e0 en cap cas dels danys, continguts i indisponibilitats t\u00e8cniques que poguessin causar-se per part d\u2019aquests tercers.<\/p><h4><strong>Publicitat:<\/strong><\/h4><p>EL TITULAR inclour\u00e0 en la web publicitat pr\u00f2pia o de tercers per oferir-li productes o serveis que entenguin que puguin ser del seu inter\u00e8s. No obstant aix\u00f2, i en el que respecte a la publicitat de tercers, EL TITULAR no pot controlar l\u2019aparen\u00e7a d\u2019aquesta publicitat, ni la qualitat i adequaci\u00f3 dels productes o serveis a qu\u00e8 aquesta es refereix, de manera que no respondr\u00e0 de cap dany que es pugui generar a l\u2019usuari per aquestes causes atribu\u00efbles a tercers.<\/p><h4><strong>Virus:<\/strong><\/h4><p>EL TITULAR es compromet a aplicar en la mesura del possible, les mesures oportunes al seu abast per intentar garantir a l\u2019usuari l\u2019abs\u00e8ncia en la seva web de: virus, cucs, troians, spam, etc\u2026 No obstant aix\u00f2, aquestes mesures no s\u00f3n 100% infal\u00b7libles i, per aix\u00f2, EL TITULAR no pot assegurar totalment l\u2019abs\u00e8ncia d\u2019aquests elements indesitjables. En conseq\u00fc\u00e8ncia EL TITULAR no ser\u00e0 responsable dels danys que els mateixos poguessin produir a l\u2019usuari.<\/p><h4><strong>Fallades tecnol\u00f2giques:<\/strong><\/h4><p>EL TITULAR posa els mitjans necessaris al seu abast per la continu\u00eftat d\u2019aquesta web i realitzar\u00e0 els seus millors esfor\u00e7os perqu\u00e8 el mateix no sofreixi interrupcions, per\u00f2 no pot garantir l\u2019abs\u00e8ncia de fallades tecnol\u00f2giques, ni la permanent disponibilitat de la web i dels serveis continguts en ell, en conseq\u00fc\u00e8ncia no assumeix cap responsabilitat pels danys i perjudicis que pot generar-se per la falta de disponibilitat i per les fallades en l\u2019acc\u00e9s ocasionades per desconnexions, avaries, sobrecarregues o caigudes de la xarxa no imputables a EL TITULAR.<\/p><h3><strong>Llei aplicable i jurisdicci\u00f3<\/strong><\/h3><p>La llei aplicable en cas de disputa o conflicte d\u2019interpretaci\u00f3 dels termes que conformem aquest Av\u00eds Legal, aix\u00ed com qualsevol q\u00fcesti\u00f3 relacionada amb els serveis de la present web i les seves pol\u00edtiques, ser\u00e0 l\u2019espanyola.<\/p><p>Amb car\u00e0cter general, ens sotmetem a l\u2019estipulat en el Reglament Europeu de Protecci\u00f3 de Dades (RGPD) Reglament (UE) 2016\/679 del Parlament Europeu i del Consell de 27 d\u2019abril de 2016, i tamb\u00e9, a la Llei de Serveis de Societat de la Informaci\u00f3 (LSSICE), Llei 34\/2002 d\u201911 de juliol, de serveis de la societat de la informaci\u00f3 i de comer\u00e7 electr\u00f2nic.<\/p><p>Perqu\u00e8 la resoluci\u00f3 de qualsevol conflicte que pugui sorgir amb ocasi\u00f3 de visita de la web, EL TITULAR i l\u2019usuari se sotmetran al fur que estableixi la normativa vigent.<\/p>\t\t\t\t\t\t<\/div>\n\t\t\t\t<\/div>\n\t\t\t\t\t<\/div>\n\t\t<\/div>\n\t\t\t\t\t\t\t<\/div>\n\t\t<\/section>\n\t\t\t\t\t\t\t<\/div>\n\t\t","protected":false},"excerpt":{"rendered":"<p>El titular d&#8217;aquest lloc web \u00e9s Ivet Junyent Arnaus amb DNI 39398566-A, amb domicili en carretera de Berga 41 baixos, 08660 Balsareny, [&hellip;]<\/p>\n","protected":false},"author":2,"featured_media":0,"parent":0,"menu_order":0,"comment_status":"closed","ping_status":"closed","template":"","meta":{"footnotes":""},"class_list":["post-543","page","type-page","status-publish","hentry"],"_links":{"self":[{"href":"https:\/\/ijadvocada.com\/ca\/wp-json\/wp\/v2\/pages\/543","targetHints":{"allow":["GET"]}}],"collection":[{"href":"https:\/\/ijadvocada.com\/ca\/wp-json\/wp\/v2\/pages"}],"about":[{"href":"https:\/\/ijadvocada.com\/ca\/wp-json\/wp\/v2\/types\/page"}],"author":[{"embeddable":true,"href":"https:\/\/ijadvocada.com\/ca\/wp-json\/wp\/v2\/users\/2"}],"replies":[{"embeddable":true,"href":"https:\/\/ijadvocada.com\/ca\/wp-json\/wp\/v2\/comments?post=543"}],"version-history":[{"count":10,"href":"https:\/\/ijadvocada.com\/ca\/wp-json\/wp\/v2\/pages\/543\/revisions"}],"predecessor-version":[{"id":565,"href":"https:\/\/ijadvocada.com\/ca\/wp-json\/wp\/v2\/pages\/543\/revisions\/565"}],"wp:attachment":[{"href":"https:\/\/ijadvocada.com\/ca\/wp-json\/wp\/v2\/media?parent=543"}],"curies":[{"name":"wp","href":"https:\/\/api.w.org\/{rel}","templated":true}]}}